{"id":3571,"date":"2023-05-09T15:51:54","date_gmt":"2023-05-09T18:51:54","guid":{"rendered":"https:\/\/lucas648.com.br\/?page_id=3571"},"modified":"2023-05-24T09:48:26","modified_gmt":"2023-05-24T12:48:26","slug":"captacao-de-verba-publica-para-assistencia-humanitaria","status":"publish","type":"page","link":"https:\/\/lucas648.com.br\/index.php\/service\/captacao-de-verba-publica-para-assistencia-humanitaria\/","title":{"rendered":"CAPTA\u00c7\u00c3O DE VERBA P\u00daBLICA PARA ASSIST\u00caNCIA HUMANIT\u00c1RIA\u00a0"},"content":{"rendered":"\t\t<div data-elementor-type=\"wp-page\" data-elementor-id=\"3571\" class=\"elementor elementor-3571\" data-elementor-post-type=\"page\">\n\t\t\t\t\t\t\t\t\t<section class=\"elementor-section elementor-top-section elementor-element elementor-element-5d9b2d18 elementor-section-boxed elementor-section-height-default elementor-section-height-default\" data-id=\"5d9b2d18\" data-element_type=\"section\">\n\t\t\t\t\t\t<div class=\"elementor-container elementor-column-gap-no\">\n\t\t\t\t\t<div class=\"elementor-column elementor-col-33 elementor-top-column elementor-element elementor-element-5c5a36f7\" data-id=\"5c5a36f7\" data-element_type=\"column\">\n\t\t\t<div class=\"elementor-widget-wrap elementor-element-populated\">\n\t\t\t\t\t\t\t\t<div class=\"elementor-element elementor-element-359a34a5 elementor-widget__width-initial elementor-widget elementor-widget-heading\" data-id=\"359a34a5\" data-element_type=\"widget\" data-widget_type=\"heading.default\">\n\t\t\t\t<div class=\"elementor-widget-container\">\n\t\t\t<style>\/*! elementor - v3.17.0 - 08-11-2023 *\/\n.elementor-heading-title{padding:0;margin:0;line-height:1}.elementor-widget-heading .elementor-heading-title[class*=elementor-size-]>a{color:inherit;font-size:inherit;line-height:inherit}.elementor-widget-heading .elementor-heading-title.elementor-size-small{font-size:15px}.elementor-widget-heading .elementor-heading-title.elementor-size-medium{font-size:19px}.elementor-widget-heading .elementor-heading-title.elementor-size-large{font-size:29px}.elementor-widget-heading .elementor-heading-title.elementor-size-xl{font-size:39px}.elementor-widget-heading .elementor-heading-title.elementor-size-xxl{font-size:59px}<\/style><h2 class=\"elementor-heading-title elementor-size-default\">CAPTA\u00c7\u00c3O DE VERBA P\u00daBLICA PARA ASSIST\u00caNCIA HUMANIT\u00c1RIA<\/h2>\t\t<\/div>\n\t\t\t\t<\/div>\n\t\t\t\t<div class=\"elementor-element elementor-element-34538b47 elementor-widget__width-initial elementor-widget elementor-widget-text-editor\" data-id=\"34538b47\" data-element_type=\"widget\" data-widget_type=\"text-editor.default\">\n\t\t\t\t<div class=\"elementor-widget-container\">\n\t\t\t<style>\/*! elementor - v3.17.0 - 08-11-2023 *\/\n.elementor-widget-text-editor.elementor-drop-cap-view-stacked .elementor-drop-cap{background-color:#69727d;color:#fff}.elementor-widget-text-editor.elementor-drop-cap-view-framed .elementor-drop-cap{color:#69727d;border:3px solid;background-color:transparent}.elementor-widget-text-editor:not(.elementor-drop-cap-view-default) .elementor-drop-cap{margin-top:8px}.elementor-widget-text-editor:not(.elementor-drop-cap-view-default) .elementor-drop-cap-letter{width:1em;height:1em}.elementor-widget-text-editor .elementor-drop-cap{float:left;text-align:center;line-height:1;font-size:50px}.elementor-widget-text-editor .elementor-drop-cap-letter{display:inline-block}<\/style>\t\t\t\t<p><strong><span style=\"color: #333333;\">Sua gest\u00e3o precisa de verba emergencial para coordenar a\u00e7\u00f5es mitigadoras e para o acolhimento das v\u00edtimas. <\/span><\/strong><\/p>\t\t\t\t\t\t<\/div>\n\t\t\t\t<\/div>\n\t\t\t\t<div class=\"elementor-element elementor-element-7f258c8a elementor-widget__width-initial elementor-widget elementor-widget-eco_eco-v2\" data-id=\"7f258c8a\" data-element_type=\"widget\" data-widget_type=\"eco_eco-v2.default\">\n\t\t\t\t<div class=\"elementor-widget-container\">\n\t\t\t        <div class=\"ecofine_list-wrapper\">\n            <div class=\"container\">\n                <div class=\"row \">\n                                            <div class=\"col-xl-12 col-lg-12 col-md-12 col-12\">\n                            <div class=\"Eco-list-box \">\n                                <div class=\" eco-icon-list\">\n                                    <div class=\"eco-list-icon\">\n                                        <i aria-hidden=\"true\" class=\"bi bi-check2\"><\/i>                                    <\/div>\n                                <\/div>\n                                <div class=\"list-content-area\">\n\t\t\t\t\t\t\t\t\t \t\t\t\t\t\t\t\t\t\t<h3 class=\"list-title\"> \n\t\t\t\t\t\t\t\t\t\t\t\t\t\t\t\t\t\t\t\t\t\tMonitoramento de riscos alinhados \u00e0 realidade local.\t\t\t\t\t\t\t\t\t\t\t\t\t\t\t\t\t\t\t\t\t<\/h3>\n\t\t\t\t\t\t\t\t \t\t\t\t\t\t\t\t\t\t                                <\/div>\n                            <\/div>\n                        <\/div>\n                                            <div class=\"col-xl-12 col-lg-12 col-md-12 col-12\">\n                            <div class=\"Eco-list-box \">\n                                <div class=\" eco-icon-list\">\n                                    <div class=\"eco-list-icon\">\n                                        <i aria-hidden=\"true\" class=\"bi bi-check2\"><\/i>                                    <\/div>\n                                <\/div>\n                                <div class=\"list-content-area\">\n\t\t\t\t\t\t\t\t\t \t\t\t\t\t\t\t\t\t\t<h3 class=\"list-title\"> \n\t\t\t\t\t\t\t\t\t\t\t\t\t\t\t\t\t\t\t\t\t\tIndica\u00e7\u00e3o de sistema de alerta e alarme de baixo custo e f\u00e1cil implementa\u00e7\u00e3o.\t\t\t\t\t\t\t\t\t\t\t\t\t\t\t\t\t\t\t\t\t<\/h3>\n\t\t\t\t\t\t\t\t \t\t\t\t\t\t\t\t\t\t                                <\/div>\n                            <\/div>\n                        <\/div>\n                                            <div class=\"col-xl-12 col-lg-12 col-md-12 col-12\">\n                            <div class=\"Eco-list-box \">\n                                <div class=\" eco-icon-list\">\n                                    <div class=\"eco-list-icon\">\n                                        <i aria-hidden=\"true\" class=\"bi bi-check2\"><\/i>                                    <\/div>\n                                <\/div>\n                                <div class=\"list-content-area\">\n\t\t\t\t\t\t\t\t\t \t\t\t\t\t\t\t\t\t\t<h3 class=\"list-title\"> \n\t\t\t\t\t\t\t\t\t\t\t\t\t\t\t\t\t\t\t\t\t\tCapacita\u00e7\u00e3o dos \u00f3rg\u00e3os p\u00fablicos e privados para a gest\u00e3o do desastre e acolhimento de v\u00edtimas.\t\t\t\t\t\t\t\t\t\t\t\t\t\t\t\t\t\t\t\t\t<\/h3>\n\t\t\t\t\t\t\t\t \t\t\t\t\t\t\t\t\t\t                                <\/div>\n                            <\/div>\n                        <\/div>\n                                            <div class=\"col-xl-12 col-lg-12 col-md-12 col-12\">\n                            <div class=\"Eco-list-box \">\n                                <div class=\" eco-icon-list\">\n                                    <div class=\"eco-list-icon\">\n                                        <i aria-hidden=\"true\" class=\"bi bi-check2\"><\/i>                                    <\/div>\n                                <\/div>\n                                <div class=\"list-content-area\">\n\t\t\t\t\t\t\t\t\t \t\t\t\t\t\t\t\t\t\t<h3 class=\"list-title\"> \n\t\t\t\t\t\t\t\t\t\t\t\t\t\t\t\t\t\t\t\t\t\tCapacita\u00e7\u00e3o das comunidades em risco.\t\t\t\t\t\t\t\t\t\t\t\t\t\t\t\t\t\t\t\t\t<\/h3>\n\t\t\t\t\t\t\t\t \t\t\t\t\t\t\t\t\t\t                                <\/div>\n                            <\/div>\n                        <\/div>\n                                    <\/div>\n            <\/div>\n        <\/div>\n    \t\t<\/div>\n\t\t\t\t<\/div>\n\t\t\t\t\t<\/div>\n\t\t<\/div>\n\t\t\t\t<div class=\"elementor-column elementor-col-66 elementor-top-column elementor-element elementor-element-604ea83a\" data-id=\"604ea83a\" data-element_type=\"column\">\n\t\t\t<div class=\"elementor-widget-wrap elementor-element-populated\">\n\t\t\t\t\t\t\t\t<div class=\"elementor-element elementor-element-e4dd0d0 elementor-widget__width-initial elementor-widget elementor-widget-eco_image\" data-id=\"e4dd0d0\" data-element_type=\"widget\" data-widget_type=\"eco_image.default\">\n\t\t\t\t<div class=\"elementor-widget-container\">\n\t\t\t            <div class=\"eco-image-wrapper \">\n                <div class=\"eco-image\">\n                    <img loading=\"lazy\" decoding=\"async\" width=\"700\" height=\"700\" src=\"https:\/\/lucas648.com.br\/wp-content\/uploads\/2023\/05\/SERVICOS_CAPTACAO_HUMANITARIA.webp\" class=\"attachment-full size-full wp-image-3902\" alt=\"\" srcset=\"https:\/\/lucas648.com.br\/wp-content\/uploads\/2023\/05\/SERVICOS_CAPTACAO_HUMANITARIA.webp 700w, https:\/\/lucas648.com.br\/wp-content\/uploads\/2023\/05\/SERVICOS_CAPTACAO_HUMANITARIA-300x300.webp 300w, https:\/\/lucas648.com.br\/wp-content\/uploads\/2023\/05\/SERVICOS_CAPTACAO_HUMANITARIA-150x150.webp 150w\" sizes=\"(max-width: 700px) 100vw, 700px\" \/>                <\/div>\n            <\/div>\n        \t\t<\/div>\n\t\t\t\t<\/div>\n\t\t\t\t\t<\/div>\n\t\t<\/div>\n\t\t\t\t\t\t\t<\/div>\n\t\t<\/section>\n\t\t\t\t<section class=\"elementor-section elementor-top-section elementor-element elementor-element-554be3ca elementor-section-boxed elementor-section-height-default elementor-section-height-default\" data-id=\"554be3ca\" data-element_type=\"section\">\n\t\t\t\t\t\t<div class=\"elementor-container elementor-column-gap-default\">\n\t\t\t\t\t<div class=\"elementor-column elementor-col-66 elementor-top-column elementor-element elementor-element-20af4d72\" data-id=\"20af4d72\" data-element_type=\"column\" data-settings=\"{&quot;background_background&quot;:&quot;classic&quot;}\">\n\t\t\t<div class=\"elementor-widget-wrap elementor-element-populated\">\n\t\t\t\t\t\t\t\t<div class=\"elementor-element elementor-element-3b36f1ee elementor-widget elementor-widget-text-editor\" data-id=\"3b36f1ee\" data-element_type=\"widget\" data-widget_type=\"text-editor.default\">\n\t\t\t\t<div class=\"elementor-widget-container\">\n\t\t\t\t\t\t\t<p><span style=\"font-size: 18pt; color: #ffffff;\">Estamos preparados para ajudar em sua gest\u00e3o.<\/span><\/p><p><strong><span style=\"color: #ffffff;\"><span style=\"font-size: 18pt;\">Pe\u00e7a uma proposta e vamos conversar melhor sobre a prote\u00e7\u00e3o de quem mais precisa.<\/span><\/span><\/strong><\/p>\t\t\t\t\t\t<\/div>\n\t\t\t\t<\/div>\n\t\t\t\t\t<\/div>\n\t\t<\/div>\n\t\t\t\t<div class=\"elementor-column elementor-col-33 elementor-top-column elementor-element elementor-element-48ddbcef\" data-id=\"48ddbcef\" data-element_type=\"column\" data-settings=\"{&quot;background_background&quot;:&quot;classic&quot;}\">\n\t\t\t<div class=\"elementor-widget-wrap elementor-element-populated\">\n\t\t\t\t\t\t\t\t<div class=\"elementor-element elementor-element-1038a9f9 elementor-widget elementor-widget-button\" data-id=\"1038a9f9\" data-element_type=\"widget\" data-widget_type=\"button.default\">\n\t\t\t\t<div class=\"elementor-widget-container\">\n\t\t\t\t\t<div class=\"elementor-button-wrapper\">\n\t\t\t<a class=\"elementor-button elementor-button-link elementor-size-sm\" href=\"https:\/\/lucas648.com.br\/index.php\/contato\/\">\n\t\t\t\t\t\t<span class=\"elementor-button-content-wrapper\">\n\t\t\t\t\t\t<span class=\"elementor-button-text\">AGENDAR REUNI\u00c3O<\/span>\n\t\t<\/span>\n\t\t\t\t\t<\/a>\n\t\t<\/div>\n\t\t\t\t<\/div>\n\t\t\t\t<\/div>\n\t\t\t\t\t<\/div>\n\t\t<\/div>\n\t\t\t\t\t\t\t<\/div>\n\t\t<\/section>\n\t\t\t\t\t\t\t<\/div>\n\t\t","protected":false},"excerpt":{"rendered":"<p>CAPTA\u00c7\u00c3O DE VERBA P\u00daBLICA PARA ASSIST\u00caNCIA HUMANIT\u00c1RIA Sua gest\u00e3o precisa de verba emergencial para coordenar a\u00e7\u00f5es mitigadoras e para o acolhimento das v\u00edtimas. Monitoramento de riscos alinhados \u00e0 realidade local. Indica\u00e7\u00e3o de sistema de alerta e alarme de baixo custo e f\u00e1cil implementa\u00e7\u00e3o. Capacita\u00e7\u00e3o dos \u00f3rg\u00e3os p\u00fablicos e privados para a gest\u00e3o do desastre e [&hellip;]<\/p>\n","protected":false},"author":1,"featured_media":0,"parent":175,"menu_order":0,"comment_status":"closed","ping_status":"closed","template":"blank-template.php","meta":{"footnotes":""},"yoast_head":"<!-- This site is optimized with the Yoast SEO plugin v21.5 - https:\/\/yoast.com\/wordpress\/plugins\/seo\/ -->\n<title>CAPTA\u00c7\u00c3O DE VERBA P\u00daBLICA PARA ASSIST\u00caNCIA HUMANIT\u00c1RIA\u00a0 - Lucas648<\/title>\n<meta name=\"robots\" content=\"index, follow, max-snippet:-1, max-image-preview:large, max-video-preview:-1\" \/>\n<link rel=\"canonical\" href=\"https:\/\/lucas648.com.br\/index.php\/service\/captacao-de-verba-publica-para-assistencia-humanitaria\/\" \/>\n<meta property=\"og:locale\" content=\"pt_BR\" \/>\n<meta property=\"og:type\" content=\"article\" \/>\n<meta property=\"og:title\" content=\"CAPTA\u00c7\u00c3O DE VERBA P\u00daBLICA PARA ASSIST\u00caNCIA HUMANIT\u00c1RIA\u00a0 - Lucas648\" \/>\n<meta property=\"og:description\" content=\"CAPTA\u00c7\u00c3O DE VERBA P\u00daBLICA PARA ASSIST\u00caNCIA HUMANIT\u00c1RIA Sua gest\u00e3o precisa de verba emergencial para coordenar a\u00e7\u00f5es mitigadoras e para o acolhimento das v\u00edtimas. Monitoramento de riscos alinhados \u00e0 realidade local. Indica\u00e7\u00e3o de sistema de alerta e alarme de baixo custo e f\u00e1cil implementa\u00e7\u00e3o. Capacita\u00e7\u00e3o dos \u00f3rg\u00e3os p\u00fablicos e privados para a gest\u00e3o do desastre e [&hellip;]\" \/>\n<meta property=\"og:url\" content=\"https:\/\/lucas648.com.br\/index.php\/service\/captacao-de-verba-publica-para-assistencia-humanitaria\/\" \/>\n<meta property=\"og:site_name\" content=\"Lucas648\" \/>\n<meta property=\"article:modified_time\" content=\"2023-05-24T12:48:26+00:00\" \/>\n<meta property=\"og:image\" content=\"https:\/\/lucas648.com.br\/wp-content\/uploads\/2023\/05\/SERVICOS_CAPTACAO_HUMANITARIA.webp\" \/>\n<meta name=\"twitter:card\" content=\"summary_large_image\" \/>\n<meta name=\"twitter:label1\" content=\"Est. tempo de leitura\" \/>\n\t<meta name=\"twitter:data1\" content=\"1 minuto\" \/>\n<script type=\"application\/ld+json\" class=\"yoast-schema-graph\">{\"@context\":\"https:\/\/schema.org\",\"@graph\":[{\"@type\":\"WebPage\",\"@id\":\"https:\/\/lucas648.com.br\/index.php\/service\/captacao-de-verba-publica-para-assistencia-humanitaria\/\",\"url\":\"https:\/\/lucas648.com.br\/index.php\/service\/captacao-de-verba-publica-para-assistencia-humanitaria\/\",\"name\":\"CAPTA\u00c7\u00c3O DE VERBA P\u00daBLICA PARA ASSIST\u00caNCIA HUMANIT\u00c1RIA\u00a0 - Lucas648\",\"isPartOf\":{\"@id\":\"https:\/\/lucas648.com.br\/#website\"},\"datePublished\":\"2023-05-09T18:51:54+00:00\",\"dateModified\":\"2023-05-24T12:48:26+00:00\",\"breadcrumb\":{\"@id\":\"https:\/\/lucas648.com.br\/index.php\/service\/captacao-de-verba-publica-para-assistencia-humanitaria\/#breadcrumb\"},\"inLanguage\":\"pt-BR\",\"potentialAction\":[{\"@type\":\"ReadAction\",\"target\":[\"https:\/\/lucas648.com.br\/index.php\/service\/captacao-de-verba-publica-para-assistencia-humanitaria\/\"]}]},{\"@type\":\"BreadcrumbList\",\"@id\":\"https:\/\/lucas648.com.br\/index.php\/service\/captacao-de-verba-publica-para-assistencia-humanitaria\/#breadcrumb\",\"itemListElement\":[{\"@type\":\"ListItem\",\"position\":1,\"name\":\"In\u00edcio\",\"item\":\"https:\/\/lucas648.com.br\/\"},{\"@type\":\"ListItem\",\"position\":2,\"name\":\"Service\",\"item\":\"https:\/\/lucas648.com.br\/index.php\/service\/\"},{\"@type\":\"ListItem\",\"position\":3,\"name\":\"CAPTA\u00c7\u00c3O DE VERBA P\u00daBLICA PARA ASSIST\u00caNCIA HUMANIT\u00c1RIA\u00a0\"}]},{\"@type\":\"WebSite\",\"@id\":\"https:\/\/lucas648.com.br\/#website\",\"url\":\"https:\/\/lucas648.com.br\/\",\"name\":\"Lucas648\",\"description\":\"Consultoria em gest\u00e3o de desastre e capta\u00e7\u00e3o de recursos.\",\"publisher\":{\"@id\":\"https:\/\/lucas648.com.br\/#organization\"},\"potentialAction\":[{\"@type\":\"SearchAction\",\"target\":{\"@type\":\"EntryPoint\",\"urlTemplate\":\"https:\/\/lucas648.com.br\/?s={search_term_string}\"},\"query-input\":\"required name=search_term_string\"}],\"inLanguage\":\"pt-BR\"},{\"@type\":\"Organization\",\"@id\":\"https:\/\/lucas648.com.br\/#organization\",\"name\":\"Lucas648\",\"url\":\"https:\/\/lucas648.com.br\/\",\"logo\":{\"@type\":\"ImageObject\",\"inLanguage\":\"pt-BR\",\"@id\":\"https:\/\/lucas648.com.br\/#\/schema\/logo\/image\/\",\"url\":\"https:\/\/lucas648.com.br\/wp-content\/uploads\/2023\/09\/pagina4.png\",\"contentUrl\":\"https:\/\/lucas648.com.br\/wp-content\/uploads\/2023\/09\/pagina4.png\",\"width\":600,\"height\":600,\"caption\":\"Lucas648\"},\"image\":{\"@id\":\"https:\/\/lucas648.com.br\/#\/schema\/logo\/image\/\"}}]}<\/script>\n<!-- \/ Yoast SEO plugin. -->","yoast_head_json":{"title":"CAPTA\u00c7\u00c3O DE VERBA P\u00daBLICA PARA ASSIST\u00caNCIA HUMANIT\u00c1RIA\u00a0 - Lucas648","robots":{"index":"index","follow":"follow","max-snippet":"max-snippet:-1","max-image-preview":"max-image-preview:large","max-video-preview":"max-video-preview:-1"},"canonical":"https:\/\/lucas648.com.br\/index.php\/service\/captacao-de-verba-publica-para-assistencia-humanitaria\/","og_locale":"pt_BR","og_type":"article","og_title":"CAPTA\u00c7\u00c3O DE VERBA P\u00daBLICA PARA ASSIST\u00caNCIA HUMANIT\u00c1RIA\u00a0 - Lucas648","og_description":"CAPTA\u00c7\u00c3O DE VERBA P\u00daBLICA PARA ASSIST\u00caNCIA HUMANIT\u00c1RIA Sua gest\u00e3o precisa de verba emergencial para coordenar a\u00e7\u00f5es mitigadoras e para o acolhimento das v\u00edtimas. Monitoramento de riscos alinhados \u00e0 realidade local. Indica\u00e7\u00e3o de sistema de alerta e alarme de baixo custo e f\u00e1cil implementa\u00e7\u00e3o. Capacita\u00e7\u00e3o dos \u00f3rg\u00e3os p\u00fablicos e privados para a gest\u00e3o do desastre e [&hellip;]","og_url":"https:\/\/lucas648.com.br\/index.php\/service\/captacao-de-verba-publica-para-assistencia-humanitaria\/","og_site_name":"Lucas648","article_modified_time":"2023-05-24T12:48:26+00:00","og_image":[{"url":"https:\/\/lucas648.com.br\/wp-content\/uploads\/2023\/05\/SERVICOS_CAPTACAO_HUMANITARIA.webp"}],"twitter_card":"summary_large_image","twitter_misc":{"Est. tempo de leitura":"1 minuto"},"schema":{"@context":"https:\/\/schema.org","@graph":[{"@type":"WebPage","@id":"https:\/\/lucas648.com.br\/index.php\/service\/captacao-de-verba-publica-para-assistencia-humanitaria\/","url":"https:\/\/lucas648.com.br\/index.php\/service\/captacao-de-verba-publica-para-assistencia-humanitaria\/","name":"CAPTA\u00c7\u00c3O DE VERBA P\u00daBLICA PARA ASSIST\u00caNCIA HUMANIT\u00c1RIA\u00a0 - Lucas648","isPartOf":{"@id":"https:\/\/lucas648.com.br\/#website"},"datePublished":"2023-05-09T18:51:54+00:00","dateModified":"2023-05-24T12:48:26+00:00","breadcrumb":{"@id":"https:\/\/lucas648.com.br\/index.php\/service\/captacao-de-verba-publica-para-assistencia-humanitaria\/#breadcrumb"},"inLanguage":"pt-BR","potentialAction":[{"@type":"ReadAction","target":["https:\/\/lucas648.com.br\/index.php\/service\/captacao-de-verba-publica-para-assistencia-humanitaria\/"]}]},{"@type":"BreadcrumbList","@id":"https:\/\/lucas648.com.br\/index.php\/service\/captacao-de-verba-publica-para-assistencia-humanitaria\/#breadcrumb","itemListElement":[{"@type":"ListItem","position":1,"name":"In\u00edcio","item":"https:\/\/lucas648.com.br\/"},{"@type":"ListItem","position":2,"name":"Service","item":"https:\/\/lucas648.com.br\/index.php\/service\/"},{"@type":"ListItem","position":3,"name":"CAPTA\u00c7\u00c3O DE VERBA P\u00daBLICA PARA ASSIST\u00caNCIA HUMANIT\u00c1RIA\u00a0"}]},{"@type":"WebSite","@id":"https:\/\/lucas648.com.br\/#website","url":"https:\/\/lucas648.com.br\/","name":"Lucas648","description":"Consultoria em gest\u00e3o de desastre e capta\u00e7\u00e3o de recursos.","publisher":{"@id":"https:\/\/lucas648.com.br\/#organization"},"potentialAction":[{"@type":"SearchAction","target":{"@type":"EntryPoint","urlTemplate":"https:\/\/lucas648.com.br\/?s={search_term_string}"},"query-input":"required name=search_term_string"}],"inLanguage":"pt-BR"},{"@type":"Organization","@id":"https:\/\/lucas648.com.br\/#organization","name":"Lucas648","url":"https:\/\/lucas648.com.br\/","logo":{"@type":"ImageObject","inLanguage":"pt-BR","@id":"https:\/\/lucas648.com.br\/#\/schema\/logo\/image\/","url":"https:\/\/lucas648.com.br\/wp-content\/uploads\/2023\/09\/pagina4.png","contentUrl":"https:\/\/lucas648.com.br\/wp-content\/uploads\/2023\/09\/pagina4.png","width":600,"height":600,"caption":"Lucas648"},"image":{"@id":"https:\/\/lucas648.com.br\/#\/schema\/logo\/image\/"}}]}},"_links":{"self":[{"href":"https:\/\/lucas648.com.br\/index.php\/wp-json\/wp\/v2\/pages\/3571"}],"collection":[{"href":"https:\/\/lucas648.com.br\/index.php\/wp-json\/wp\/v2\/pages"}],"about":[{"href":"https:\/\/lucas648.com.br\/index.php\/wp-json\/wp\/v2\/types\/page"}],"author":[{"embeddable":true,"href":"https:\/\/lucas648.com.br\/index.php\/wp-json\/wp\/v2\/users\/1"}],"replies":[{"embeddable":true,"href":"https:\/\/lucas648.com.br\/index.php\/wp-json\/wp\/v2\/comments?post=3571"}],"version-history":[{"count":34,"href":"https:\/\/lucas648.com.br\/index.php\/wp-json\/wp\/v2\/pages\/3571\/revisions"}],"predecessor-version":[{"id":4408,"href":"https:\/\/lucas648.com.br\/index.php\/wp-json\/wp\/v2\/pages\/3571\/revisions\/4408"}],"up":[{"embeddable":true,"href":"https:\/\/lucas648.com.br\/index.php\/wp-json\/wp\/v2\/pages\/175"}],"wp:attachment":[{"href":"https:\/\/lucas648.com.br\/index.php\/wp-json\/wp\/v2\/media?parent=3571"}],"curies":[{"name":"wp","href":"https:\/\/api.w.org\/{rel}","templated":true}]}}